{"id":61178045,"date":"2026-04-30T22:08:48","date_gmt":"2026-04-30T22:08:48","guid":{"rendered":"https:\/\/api.ibilimenaje.com\/productos\/3384-sarten-honda-con-mango-i-chef\/"},"modified":"2026-04-30T22:08:48","modified_gmt":"2026-04-30T22:08:48","slug":"3384-sarten-honda-con-mango-i-chef","status":"publish","type":"productos","link":"https:\/\/api.ibilimenaje.com\/es\/productos\/3384-sarten-honda-con-mango-i-chef\/","title":{"rendered":"3384-sarten-honda-con-mango-i-chef"},"content":{"rendered":"<p>403124 403128 403132 Aluminio Sart\u00e9n honda Sartenes  ##8411922083897##8411922083903##8411922083910## ###i-chef###  ####28181928####  #@#72346-es_ES#@#5997-es_ES#@# <\/p>\n","protected":false},"featured_media":61178060,"template":"","product_categories":[72346,5997],"class_list":["post-61178045","productos","type-productos","status-publish","has-post-thumbnail","hentry","product_categories-sartenes-2783","product_categories-sartenes-y-grills-2729","entry"],"acf":{"titulo_visible":"Sart\u00e9n Honda con Mango I-Chef","subtitle":"SART\u00c9N HONDA EN ALUMINIO PARA INDUCCI\u00d3N Y MANGO EN ACERO INOXIDABLE.  DISPONIBLE EN 3 TAMA\u00d1OS (24 a 32cm)","collection":[28181928],"is_new":false,"description":"La Sart\u00e9n Honda I-Chef est\u00e1 fabricada en aluminio para inducci\u00f3n con mango de acero inoxidable. #BR#<ul><li>Es especial para vitrocer\u00e1mica e inducci\u00f3n y apta para todas las cocinas. <\/li>#BR#<li>Incorpora 2 capas de antiadherente de alta calidad, libre de PFAS.<\/li>","tags_up":"[\"https:\/\/api.ibilimenaje.com\/wp-content\/uploads\/2026\/04\/IMAGE__IMPORTED_69f3d10d480b7_induction.svg\",\"https:\/\/api.ibilimenaje.com\/wp-content\/uploads\/2026\/04\/IMAGE__IMPORTED_69f3d10d480b7_vitro.svg\",\"https:\/\/api.ibilimenaje.com\/wp-content\/uploads\/2026\/04\/IMAGE__IMPORTED_69f3d10d480b7_electric.svg\",\"https:\/\/api.ibilimenaje.com\/wp-content\/uploads\/2026\/04\/IMAGE__IMPORTED_69f3d10d480b7_gas.svg\"]","tags_down":"[\"https:\/\/api.ibilimenaje.com\/wp-content\/uploads\/2026\/04\/IMAGE__IMPORTED_69f3d10d480b7_oven-230.svg\",\"https:\/\/api.ibilimenaje.com\/wp-content\/uploads\/2026\/04\/IMAGE__IMPORTED_69f3d10d480b7_3mm-thick.svg\",\"https:\/\/api.ibilimenaje.com\/wp-content\/uploads\/2026\/04\/IMAGE__IMPORTED_69f3d10d480b7_non-stick-layer-2.svg\",\"https:\/\/api.ibilimenaje.com\/wp-content\/uploads\/2026\/04\/IMAGE__IMPORTED_69f3d10d480b7_ibili-design.svg\",\"https:\/\/api.ibilimenaje.com\/wp-content\/uploads\/2026\/04\/IMAGE__IMPORTED_69f3d10d480b7_pfas_free.svg\"]","images":"[\"https:\/\/api.ibilimenaje.com\/wp-content\/uploads\/2026\/04\/IMAGE__IMPORTED_69f3d10d480b7_403124.jpg\",\"https:\/\/api.ibilimenaje.com\/wp-content\/uploads\/2026\/04\/IMAGE__IMPORTED_69f3d10d480b7_Icono_Asa-3.jpg\"]","sizes":"[{\"Ref.\":\"403124\",\"https:\/\/api.ibilimenaje.com\/wp-content\/uploads\/2026\/04\/IMAGE__IMPORTED_69f3d10d480b7_diamcm.svg\":\"24\",\"H (cm)\":\"7,7\",\"https:\/\/api.ibilimenaje.com\/wp-content\/uploads\/2026\/04\/IMAGE__IMPORTED_69f3d10d480b7_bottom_diamcm.svg\":\"14,5\",\"https:\/\/api.ibilimenaje.com\/wp-content\/uploads\/2026\/04\/IMAGE__IMPORTED_69f3d10d480b7_hob_diamcm.svg\":\"\u00b12\",\"https:\/\/api.ibilimenaje.com\/wp-content\/uploads\/2026\/04\/IMAGE__IMPORTED_69f3d10d480b7_ue.svg\":\"6\",\"Opcion\":\"-\",\"Bar Code\":\"8411922083897\"},{\"Ref.\":\"403128\",\"https:\/\/api.ibilimenaje.com\/wp-content\/uploads\/2026\/04\/IMAGE__IMPORTED_69f3d10d480b7_diamcm.svg\":\"28\",\"H (cm)\":\"8,1\",\"https:\/\/api.ibilimenaje.com\/wp-content\/uploads\/2026\/04\/IMAGE__IMPORTED_69f3d10d480b7_bottom_diamcm.svg\":\"17,5\",\"https:\/\/api.ibilimenaje.com\/wp-content\/uploads\/2026\/04\/IMAGE__IMPORTED_69f3d10d480b7_hob_diamcm.svg\":\"\u00b12\",\"https:\/\/api.ibilimenaje.com\/wp-content\/uploads\/2026\/04\/IMAGE__IMPORTED_69f3d10d480b7_ue.svg\":\"6\",\"Opcion\":\"-\",\"Bar Code\":\"8411922083903\"},{\"Ref.\":\"403132\",\"https:\/\/api.ibilimenaje.com\/wp-content\/uploads\/2026\/04\/IMAGE__IMPORTED_69f3d10d480b7_diamcm.svg\":\"32\",\"H (cm)\":\"8,4\",\"https:\/\/api.ibilimenaje.com\/wp-content\/uploads\/2026\/04\/IMAGE__IMPORTED_69f3d10d480b7_bottom_diamcm.svg\":\"19,0\",\"https:\/\/api.ibilimenaje.com\/wp-content\/uploads\/2026\/04\/IMAGE__IMPORTED_69f3d10d480b7_hob_diamcm.svg\":\"\u00b12\",\"https:\/\/api.ibilimenaje.com\/wp-content\/uploads\/2026\/04\/IMAGE__IMPORTED_69f3d10d480b7_ue.svg\":\"6\",\"Opcion\":\"with handle\",\"Bar Code\":\"8411922083910\"}]","features":"Mango de Acero Inoxidable Profesional","related_products":"[{\"title\":\"Sartu00e9n Honda con Mango Natura Copper\",\"uri\":\"\/productos\/3383-sarten-honda-con-mango-natura-copper\",\"imgsrc\":\"https:\/\/api.ibilimenaje.com\/wp-content\/uploads\/2026\/04\/IMAGE__IMPORTED_69f3d10d480b7_495324.jpg\"},{\"title\":\"Sartu00e9n Honda con Mango I-Chef\",\"uri\":\"\/productos\/3384-sarten-honda-con-mango-i-chef\",\"imgsrc\":\"https:\/\/api.ibilimenaje.com\/wp-content\/uploads\/2026\/04\/IMAGE__IMPORTED_69f3d10d480b7_403124.jpg\"},{\"title\":\"Sartu00e9n Honda con Mango Fusiu00f3n\",\"uri\":\"\/productos\/3388-sarten-honda-con-mango-fusion\",\"imgsrc\":\"https:\/\/api.ibilimenaje.com\/wp-content\/uploads\/2026\/04\/IMAGE__IMPORTED_69f3d10d480b7_450820.jpg\"},{\"title\":\"Espu00e1tula Malmo\",\"uri\":\"\/productos\/47407-espatula-malmo\",\"imgsrc\":\"https:\/\/api.ibilimenaje.com\/wp-content\/uploads\/2026\/04\/IMAGE__IMPORTED_69f3d10d480b7_667104.jpg\"},{\"title\":\"Sartu00e9n Honda con Mango Gastronomy\",\"uri\":\"\/productos\/5766-sarten-honda-con-mango-gastronomy\",\"imgsrc\":\"https:\/\/api.ibilimenaje.com\/wp-content\/uploads\/2026\/04\/IMAGE__IMPORTED_69f3d10d480b7_500520D.jpg\"}]","video":"","related_article":"","materials":"[\"Aluminio\"]","qr_redirect":"[\"https:\/\/www.ibilimenaje.com\/es\/p\/products\/d\/3384-sarten-honda-con-mango-i-chef\",\"https:\/\/www.ibilimenaje.com\/es\/p\/products\/d\/3384-sarten-honda-con-mango-i-chef\",\"https:\/\/www.ibilimenaje.com\/es\/p\/products\/d\/3384-sarten-honda-con-mango-i-chef\"]","downloads":""},"yoast_head":"<!-- This site is optimized with the Yoast SEO plugin v22.6 - https:\/\/yoast.com\/wordpress\/plugins\/seo\/ -->\n<title>3384-sarten-honda-con-mango-i-chef - Ibili Stage<\/title>\n<meta name=\"robots\" content=\"noindex, follow, max-snippet:-1, max-image-preview:large, max-video-preview:-1\" \/>\n<meta property=\"og:locale\" content=\"es_ES\" \/>\n<meta property=\"og:type\" content=\"article\" \/>\n<meta property=\"og:title\" content=\"3384-sarten-honda-con-mango-i-chef - Ibili Stage\" \/>\n<meta property=\"og:description\" content=\"403124 403128 403132 Aluminio Sart\u00e9n honda Sartenes ##8411922083897##8411922083903##8411922083910## ###i-chef### ####28181928#### #@#72346-es_ES#@#5997-es_ES#@#\" \/>\n<meta property=\"og:url\" content=\"https:\/\/api.ibilimenaje.com\/es\/productos\/3384-sarten-honda-con-mango-i-chef\/\" \/>\n<meta property=\"og:site_name\" content=\"Ibili Stage\" \/>\n<meta name=\"twitter:card\" content=\"summary_large_image\" \/>\n<script type=\"application\/ld+json\" class=\"yoast-schema-graph\">{\"@context\":\"https:\/\/schema.org\",\"@graph\":[{\"@type\":\"WebPage\",\"@id\":\"https:\/\/api.ibilimenaje.com\/es\/productos\/3384-sarten-honda-con-mango-i-chef\/\",\"url\":\"https:\/\/api.ibilimenaje.com\/es\/productos\/3384-sarten-honda-con-mango-i-chef\/\",\"name\":\"3384-sarten-honda-con-mango-i-chef - Ibili Stage\",\"isPartOf\":{\"@id\":\"https:\/\/api.ibilimenaje.com\/es\/#website\"},\"primaryImageOfPage\":{\"@id\":\"https:\/\/api.ibilimenaje.com\/es\/productos\/3384-sarten-honda-con-mango-i-chef\/#primaryimage\"},\"image\":{\"@id\":\"https:\/\/api.ibilimenaje.com\/es\/productos\/3384-sarten-honda-con-mango-i-chef\/#primaryimage\"},\"thumbnailUrl\":\"https:\/\/api.ibilimenaje.com\/wp-content\/uploads\/2026\/04\/IMAGE__IMPORTED_69f3d10d480b7_403124.jpg\",\"datePublished\":\"2026-04-30T22:08:48+00:00\",\"dateModified\":\"2026-04-30T22:08:48+00:00\",\"breadcrumb\":{\"@id\":\"https:\/\/api.ibilimenaje.com\/es\/productos\/3384-sarten-honda-con-mango-i-chef\/#breadcrumb\"},\"inLanguage\":\"es\",\"potentialAction\":[{\"@type\":\"ReadAction\",\"target\":[\"https:\/\/api.ibilimenaje.com\/es\/productos\/3384-sarten-honda-con-mango-i-chef\/\"]}]},{\"@type\":\"ImageObject\",\"inLanguage\":\"es\",\"@id\":\"https:\/\/api.ibilimenaje.com\/es\/productos\/3384-sarten-honda-con-mango-i-chef\/#primaryimage\",\"url\":\"https:\/\/api.ibilimenaje.com\/wp-content\/uploads\/2026\/04\/IMAGE__IMPORTED_69f3d10d480b7_403124.jpg\",\"contentUrl\":\"https:\/\/api.ibilimenaje.com\/wp-content\/uploads\/2026\/04\/IMAGE__IMPORTED_69f3d10d480b7_403124.jpg\",\"width\":900,\"height\":900},{\"@type\":\"BreadcrumbList\",\"@id\":\"https:\/\/api.ibilimenaje.com\/es\/productos\/3384-sarten-honda-con-mango-i-chef\/#breadcrumb\",\"itemListElement\":[{\"@type\":\"ListItem\",\"position\":1,\"name\":\"Portada\",\"item\":\"https:\/\/api.ibilimenaje.com\/es\/\"},{\"@type\":\"ListItem\",\"position\":2,\"name\":\"3384-sarten-honda-con-mango-i-chef\"}]},{\"@type\":\"WebSite\",\"@id\":\"https:\/\/api.ibilimenaje.com\/es\/#website\",\"url\":\"https:\/\/api.ibilimenaje.com\/es\/\",\"name\":\"Ibili Stage\",\"description\":\"Otro sitio realizado con WordPress\",\"potentialAction\":[{\"@type\":\"SearchAction\",\"target\":{\"@type\":\"EntryPoint\",\"urlTemplate\":\"https:\/\/api.ibilimenaje.com\/es\/?s={search_term_string}\"},\"query-input\":\"required name=search_term_string\"}],\"inLanguage\":\"es\"}]}<\/script>\n<!-- \/ Yoast SEO plugin. -->","yoast_head_json":{"title":"3384-sarten-honda-con-mango-i-chef - Ibili Stage","robots":{"index":"noindex","follow":"follow","max-snippet":"max-snippet:-1","max-image-preview":"max-image-preview:large","max-video-preview":"max-video-preview:-1"},"og_locale":"es_ES","og_type":"article","og_title":"3384-sarten-honda-con-mango-i-chef - Ibili Stage","og_description":"403124 403128 403132 Aluminio Sart\u00e9n honda Sartenes ##8411922083897##8411922083903##8411922083910## ###i-chef### ####28181928#### #@#72346-es_ES#@#5997-es_ES#@#","og_url":"https:\/\/api.ibilimenaje.com\/es\/productos\/3384-sarten-honda-con-mango-i-chef\/","og_site_name":"Ibili Stage","twitter_card":"summary_large_image","schema":{"@context":"https:\/\/schema.org","@graph":[{"@type":"WebPage","@id":"https:\/\/api.ibilimenaje.com\/es\/productos\/3384-sarten-honda-con-mango-i-chef\/","url":"https:\/\/api.ibilimenaje.com\/es\/productos\/3384-sarten-honda-con-mango-i-chef\/","name":"3384-sarten-honda-con-mango-i-chef - Ibili Stage","isPartOf":{"@id":"https:\/\/api.ibilimenaje.com\/es\/#website"},"primaryImageOfPage":{"@id":"https:\/\/api.ibilimenaje.com\/es\/productos\/3384-sarten-honda-con-mango-i-chef\/#primaryimage"},"image":{"@id":"https:\/\/api.ibilimenaje.com\/es\/productos\/3384-sarten-honda-con-mango-i-chef\/#primaryimage"},"thumbnailUrl":"https:\/\/api.ibilimenaje.com\/wp-content\/uploads\/2026\/04\/IMAGE__IMPORTED_69f3d10d480b7_403124.jpg","datePublished":"2026-04-30T22:08:48+00:00","dateModified":"2026-04-30T22:08:48+00:00","breadcrumb":{"@id":"https:\/\/api.ibilimenaje.com\/es\/productos\/3384-sarten-honda-con-mango-i-chef\/#breadcrumb"},"inLanguage":"es","potentialAction":[{"@type":"ReadAction","target":["https:\/\/api.ibilimenaje.com\/es\/productos\/3384-sarten-honda-con-mango-i-chef\/"]}]},{"@type":"ImageObject","inLanguage":"es","@id":"https:\/\/api.ibilimenaje.com\/es\/productos\/3384-sarten-honda-con-mango-i-chef\/#primaryimage","url":"https:\/\/api.ibilimenaje.com\/wp-content\/uploads\/2026\/04\/IMAGE__IMPORTED_69f3d10d480b7_403124.jpg","contentUrl":"https:\/\/api.ibilimenaje.com\/wp-content\/uploads\/2026\/04\/IMAGE__IMPORTED_69f3d10d480b7_403124.jpg","width":900,"height":900},{"@type":"BreadcrumbList","@id":"https:\/\/api.ibilimenaje.com\/es\/productos\/3384-sarten-honda-con-mango-i-chef\/#breadcrumb","itemListElement":[{"@type":"ListItem","position":1,"name":"Portada","item":"https:\/\/api.ibilimenaje.com\/es\/"},{"@type":"ListItem","position":2,"name":"3384-sarten-honda-con-mango-i-chef"}]},{"@type":"WebSite","@id":"https:\/\/api.ibilimenaje.com\/es\/#website","url":"https:\/\/api.ibilimenaje.com\/es\/","name":"Ibili Stage","description":"Otro sitio realizado con WordPress","potentialAction":[{"@type":"SearchAction","target":{"@type":"EntryPoint","urlTemplate":"https:\/\/api.ibilimenaje.com\/es\/?s={search_term_string}"},"query-input":"required name=search_term_string"}],"inLanguage":"es"}]}},"_links":{"self":[{"href":"https:\/\/api.ibilimenaje.com\/es\/wp-json\/wp\/v2\/productos\/61178045","targetHints":{"allow":["GET"]}}],"collection":[{"href":"https:\/\/api.ibilimenaje.com\/es\/wp-json\/wp\/v2\/productos"}],"about":[{"href":"https:\/\/api.ibilimenaje.com\/es\/wp-json\/wp\/v2\/types\/productos"}],"acf:post":[{"embeddable":true,"href":"https:\/\/api.ibilimenaje.com\/es\/wp-json\/wp\/v2\/colecciones\/28181928"}],"wp:featuredmedia":[{"embeddable":true,"href":"https:\/\/api.ibilimenaje.com\/es\/wp-json\/wp\/v2\/media\/61178060"}],"wp:attachment":[{"href":"https:\/\/api.ibilimenaje.com\/es\/wp-json\/wp\/v2\/media?parent=61178045"}],"wp:term":[{"taxonomy":"product_categories","embeddable":true,"href":"https:\/\/api.ibilimenaje.com\/es\/wp-json\/wp\/v2\/product_categories?post=61178045"}],"curies":[{"name":"wp","href":"https:\/\/api.w.org\/{rel}","templated":true}]}}