{"id":61183190,"date":"2026-04-30T22:10:01","date_gmt":"2026-04-30T22:10:01","guid":{"rendered":"https:\/\/api.ibilimenaje.com\/productos\/2887-cafetera-express-bahia-black\/"},"modified":"2026-04-30T22:10:01","modified_gmt":"2026-04-30T22:10:01","slug":"2887-cafetera-express-bahia-black","status":"publish","type":"productos","link":"https:\/\/api.ibilimenaje.com\/es\/productos\/2887-cafetera-express-bahia-black\/","title":{"rendered":"2887-cafetera-express-bahia-black"},"content":{"rendered":"<p>612201 612203 612206 612209 612212 Aluminio Fundido Cafeteras express italiana  ##8411922084726##8411922082913##8411922082920##8411922082937##8411922082944## ###bahia###  ####27792942####  #@#72377-es_ES#@#5953-es_ES#@# <\/p>\n","protected":false},"featured_media":61183212,"template":"","product_categories":[5953,72377],"class_list":["post-61183190","productos","type-productos","status-publish","has-post-thumbnail","hentry","product_categories-cafe-y-te-2726","product_categories-cafeteras-express-2744","entry"],"acf":{"titulo_visible":"Cafetera Express Bah\u00eda Black","subtitle":"CAFETERA EXPRESS BAH\u00cdA BLACK","collection":[27792942],"is_new":false,"description":"Cafetera express en aluminio. Acabado negro. Esta cafetera, proporciona la experiencia de preparar un caf\u00e9 espresso italiano \u00fanico de forma tradicional. Apta para cocinas el\u00e9dctricas, vitrocer\u00e1mica y gas.","tags_up":"[\"https:\/\/api.ibilimenaje.com\/wp-content\/uploads\/2026\/04\/IMAGE__IMPORTED_69f3d10d480b7_vitro.svg\",\"https:\/\/api.ibilimenaje.com\/wp-content\/uploads\/2026\/04\/IMAGE__IMPORTED_69f3d10d480b7_electric.svg\",\"https:\/\/api.ibilimenaje.com\/wp-content\/uploads\/2026\/04\/IMAGE__IMPORTED_69f3d10d480b7_gas.svg\"]","tags_down":"[\"https:\/\/api.ibilimenaje.com\/wp-content\/uploads\/2026\/04\/IMAGE__IMPORTED_69f3d10d480b7_diswasher-no.svg\"]","images":"[\"https:\/\/api.ibilimenaje.com\/wp-content\/uploads\/2026\/04\/IMAGE__IMPORTED_69f3d10d480b7_612203.jpg\",\"https:\/\/api.ibilimenaje.com\/wp-content\/uploads\/2026\/04\/IMAGE__IMPORTED_69f3d10d480b7_612203A.jpg\",\"https:\/\/api.ibilimenaje.com\/wp-content\/uploads\/2026\/04\/IMAGE__IMPORTED_69f3d10d480b7_612201.jpg\",\"https:\/\/api.ibilimenaje.com\/wp-content\/uploads\/2026\/04\/IMAGE__IMPORTED_69f3d10d480b7_612201A.jpg\"]","sizes":"[{\"Ref.\":\"612201\",\"https:\/\/api.ibilimenaje.com\/wp-content\/uploads\/2026\/04\/IMAGE__IMPORTED_69f3d10d480b7_cup.svg\":\"1\",\"ml\":\"50\",\"https:\/\/api.ibilimenaje.com\/wp-content\/uploads\/2026\/04\/IMAGE__IMPORTED_69f3d10d480b7_ue.svg\":\"1\/6\/24\",\"Bar Code\":\"8411922084726\"},{\"Ref.\":\"612203\",\"https:\/\/api.ibilimenaje.com\/wp-content\/uploads\/2026\/04\/IMAGE__IMPORTED_69f3d10d480b7_cup.svg\":\"3\",\"ml\":\"150\",\"https:\/\/api.ibilimenaje.com\/wp-content\/uploads\/2026\/04\/IMAGE__IMPORTED_69f3d10d480b7_ue.svg\":\"1\/6\/12\",\"Bar Code\":\"8411922082913\"},{\"Ref.\":\"612206\",\"https:\/\/api.ibilimenaje.com\/wp-content\/uploads\/2026\/04\/IMAGE__IMPORTED_69f3d10d480b7_cup.svg\":\"6\",\"ml\":\"300\",\"https:\/\/api.ibilimenaje.com\/wp-content\/uploads\/2026\/04\/IMAGE__IMPORTED_69f3d10d480b7_ue.svg\":\"1\/6\/12\",\"Bar Code\":\"8411922082920\"},{\"Ref.\":\"612209\",\"https:\/\/api.ibilimenaje.com\/wp-content\/uploads\/2026\/04\/IMAGE__IMPORTED_69f3d10d480b7_cup.svg\":\"9\",\"ml\":\"450\",\"https:\/\/api.ibilimenaje.com\/wp-content\/uploads\/2026\/04\/IMAGE__IMPORTED_69f3d10d480b7_ue.svg\":\"1\/6\/12\",\"Bar Code\":\"8411922082937\"},{\"Ref.\":\"612212\",\"https:\/\/api.ibilimenaje.com\/wp-content\/uploads\/2026\/04\/IMAGE__IMPORTED_69f3d10d480b7_cup.svg\":\"12\",\"ml\":\"600\",\"https:\/\/api.ibilimenaje.com\/wp-content\/uploads\/2026\/04\/IMAGE__IMPORTED_69f3d10d480b7_ue.svg\":\"1\/6\",\"Bar Code\":\"8411922082944\"}]","features":"Mango de Baquelita","related_products":"[{\"title\":\"Cafetera Express Evva White\",\"uri\":\"\/productos\/16132-cafetera-express-evva-white\",\"imgsrc\":\"https:\/\/api.ibilimenaje.com\/wp-content\/uploads\/2026\/04\/IMAGE__IMPORTED_69f3d10d480b7_628406.jpg\"},{\"title\":\"Cafetera Express Bahu00eda\",\"uri\":\"\/productos\/2886-cafetera-express-bahia\",\"imgsrc\":\"https:\/\/api.ibilimenaje.com\/wp-content\/uploads\/2026\/04\/IMAGE__IMPORTED_69f3d10d480b7_610903.jpg\"},{\"title\":\"Cafetera Express Bahu00eda Red\",\"uri\":\"\/productos\/2888-cafetera-express-bahia-red\",\"imgsrc\":\"https:\/\/api.ibilimenaje.com\/wp-content\/uploads\/2026\/04\/IMAGE__IMPORTED_69f3d10d480b7_612303.jpg\"},{\"title\":\"Cafetera Express Evva Black\",\"uri\":\"\/productos\/2890-cafetera-express-evva-black\",\"imgsrc\":\"https:\/\/api.ibilimenaje.com\/wp-content\/uploads\/2026\/04\/IMAGE__IMPORTED_69f3d10d480b7_623106.jpg\"}]","video":"","related_article":"","materials":"[\"Aluminio Fundido\"]","qr_redirect":"[\"https:\/\/www.ibilimenaje.com\/es\/p\/products\/d\/2887-cafetera-express-bahia-black\",\"https:\/\/www.ibilimenaje.com\/es\/p\/products\/d\/2887-cafetera-express-bahia-black\",\"https:\/\/www.ibilimenaje.com\/es\/p\/products\/d\/2887-cafetera-express-bahia-black\",\"https:\/\/www.ibilimenaje.com\/es\/p\/products\/d\/2887-cafetera-express-bahia-black\",\"https:\/\/www.ibilimenaje.com\/es\/p\/products\/d\/2887-cafetera-express-bahia-black\"]","downloads":""},"yoast_head":"<!-- This site is optimized with the Yoast SEO plugin v22.6 - https:\/\/yoast.com\/wordpress\/plugins\/seo\/ -->\n<title>2887-cafetera-express-bahia-black - Ibili Stage<\/title>\n<meta name=\"robots\" content=\"noindex, follow, max-snippet:-1, max-image-preview:large, max-video-preview:-1\" \/>\n<meta property=\"og:locale\" content=\"es_ES\" \/>\n<meta property=\"og:type\" content=\"article\" \/>\n<meta property=\"og:title\" content=\"2887-cafetera-express-bahia-black - Ibili Stage\" \/>\n<meta property=\"og:description\" content=\"612201 612203 612206 612209 612212 Aluminio Fundido Cafeteras express italiana ##8411922084726##8411922082913##8411922082920##8411922082937##8411922082944## ###bahia### ####27792942#### #@#72377-es_ES#@#5953-es_ES#@#\" \/>\n<meta property=\"og:url\" content=\"https:\/\/api.ibilimenaje.com\/es\/productos\/2887-cafetera-express-bahia-black\/\" \/>\n<meta property=\"og:site_name\" content=\"Ibili Stage\" \/>\n<meta name=\"twitter:card\" content=\"summary_large_image\" \/>\n<script type=\"application\/ld+json\" class=\"yoast-schema-graph\">{\"@context\":\"https:\/\/schema.org\",\"@graph\":[{\"@type\":\"WebPage\",\"@id\":\"https:\/\/api.ibilimenaje.com\/es\/productos\/2887-cafetera-express-bahia-black\/\",\"url\":\"https:\/\/api.ibilimenaje.com\/es\/productos\/2887-cafetera-express-bahia-black\/\",\"name\":\"2887-cafetera-express-bahia-black - Ibili Stage\",\"isPartOf\":{\"@id\":\"https:\/\/api.ibilimenaje.com\/es\/#website\"},\"primaryImageOfPage\":{\"@id\":\"https:\/\/api.ibilimenaje.com\/es\/productos\/2887-cafetera-express-bahia-black\/#primaryimage\"},\"image\":{\"@id\":\"https:\/\/api.ibilimenaje.com\/es\/productos\/2887-cafetera-express-bahia-black\/#primaryimage\"},\"thumbnailUrl\":\"https:\/\/api.ibilimenaje.com\/wp-content\/uploads\/2026\/04\/IMAGE__IMPORTED_69f3d10d480b7_612203.jpg\",\"datePublished\":\"2026-04-30T22:10:01+00:00\",\"dateModified\":\"2026-04-30T22:10:01+00:00\",\"breadcrumb\":{\"@id\":\"https:\/\/api.ibilimenaje.com\/es\/productos\/2887-cafetera-express-bahia-black\/#breadcrumb\"},\"inLanguage\":\"es\",\"potentialAction\":[{\"@type\":\"ReadAction\",\"target\":[\"https:\/\/api.ibilimenaje.com\/es\/productos\/2887-cafetera-express-bahia-black\/\"]}]},{\"@type\":\"ImageObject\",\"inLanguage\":\"es\",\"@id\":\"https:\/\/api.ibilimenaje.com\/es\/productos\/2887-cafetera-express-bahia-black\/#primaryimage\",\"url\":\"https:\/\/api.ibilimenaje.com\/wp-content\/uploads\/2026\/04\/IMAGE__IMPORTED_69f3d10d480b7_612203.jpg\",\"contentUrl\":\"https:\/\/api.ibilimenaje.com\/wp-content\/uploads\/2026\/04\/IMAGE__IMPORTED_69f3d10d480b7_612203.jpg\",\"width\":567,\"height\":567},{\"@type\":\"BreadcrumbList\",\"@id\":\"https:\/\/api.ibilimenaje.com\/es\/productos\/2887-cafetera-express-bahia-black\/#breadcrumb\",\"itemListElement\":[{\"@type\":\"ListItem\",\"position\":1,\"name\":\"Portada\",\"item\":\"https:\/\/api.ibilimenaje.com\/es\/\"},{\"@type\":\"ListItem\",\"position\":2,\"name\":\"2887-cafetera-express-bahia-black\"}]},{\"@type\":\"WebSite\",\"@id\":\"https:\/\/api.ibilimenaje.com\/es\/#website\",\"url\":\"https:\/\/api.ibilimenaje.com\/es\/\",\"name\":\"Ibili Stage\",\"description\":\"Otro sitio realizado con WordPress\",\"potentialAction\":[{\"@type\":\"SearchAction\",\"target\":{\"@type\":\"EntryPoint\",\"urlTemplate\":\"https:\/\/api.ibilimenaje.com\/es\/?s={search_term_string}\"},\"query-input\":\"required name=search_term_string\"}],\"inLanguage\":\"es\"}]}<\/script>\n<!-- \/ Yoast SEO plugin. -->","yoast_head_json":{"title":"2887-cafetera-express-bahia-black - Ibili Stage","robots":{"index":"noindex","follow":"follow","max-snippet":"max-snippet:-1","max-image-preview":"max-image-preview:large","max-video-preview":"max-video-preview:-1"},"og_locale":"es_ES","og_type":"article","og_title":"2887-cafetera-express-bahia-black - Ibili Stage","og_description":"612201 612203 612206 612209 612212 Aluminio Fundido Cafeteras express italiana ##8411922084726##8411922082913##8411922082920##8411922082937##8411922082944## ###bahia### ####27792942#### #@#72377-es_ES#@#5953-es_ES#@#","og_url":"https:\/\/api.ibilimenaje.com\/es\/productos\/2887-cafetera-express-bahia-black\/","og_site_name":"Ibili Stage","twitter_card":"summary_large_image","schema":{"@context":"https:\/\/schema.org","@graph":[{"@type":"WebPage","@id":"https:\/\/api.ibilimenaje.com\/es\/productos\/2887-cafetera-express-bahia-black\/","url":"https:\/\/api.ibilimenaje.com\/es\/productos\/2887-cafetera-express-bahia-black\/","name":"2887-cafetera-express-bahia-black - Ibili Stage","isPartOf":{"@id":"https:\/\/api.ibilimenaje.com\/es\/#website"},"primaryImageOfPage":{"@id":"https:\/\/api.ibilimenaje.com\/es\/productos\/2887-cafetera-express-bahia-black\/#primaryimage"},"image":{"@id":"https:\/\/api.ibilimenaje.com\/es\/productos\/2887-cafetera-express-bahia-black\/#primaryimage"},"thumbnailUrl":"https:\/\/api.ibilimenaje.com\/wp-content\/uploads\/2026\/04\/IMAGE__IMPORTED_69f3d10d480b7_612203.jpg","datePublished":"2026-04-30T22:10:01+00:00","dateModified":"2026-04-30T22:10:01+00:00","breadcrumb":{"@id":"https:\/\/api.ibilimenaje.com\/es\/productos\/2887-cafetera-express-bahia-black\/#breadcrumb"},"inLanguage":"es","potentialAction":[{"@type":"ReadAction","target":["https:\/\/api.ibilimenaje.com\/es\/productos\/2887-cafetera-express-bahia-black\/"]}]},{"@type":"ImageObject","inLanguage":"es","@id":"https:\/\/api.ibilimenaje.com\/es\/productos\/2887-cafetera-express-bahia-black\/#primaryimage","url":"https:\/\/api.ibilimenaje.com\/wp-content\/uploads\/2026\/04\/IMAGE__IMPORTED_69f3d10d480b7_612203.jpg","contentUrl":"https:\/\/api.ibilimenaje.com\/wp-content\/uploads\/2026\/04\/IMAGE__IMPORTED_69f3d10d480b7_612203.jpg","width":567,"height":567},{"@type":"BreadcrumbList","@id":"https:\/\/api.ibilimenaje.com\/es\/productos\/2887-cafetera-express-bahia-black\/#breadcrumb","itemListElement":[{"@type":"ListItem","position":1,"name":"Portada","item":"https:\/\/api.ibilimenaje.com\/es\/"},{"@type":"ListItem","position":2,"name":"2887-cafetera-express-bahia-black"}]},{"@type":"WebSite","@id":"https:\/\/api.ibilimenaje.com\/es\/#website","url":"https:\/\/api.ibilimenaje.com\/es\/","name":"Ibili Stage","description":"Otro sitio realizado con WordPress","potentialAction":[{"@type":"SearchAction","target":{"@type":"EntryPoint","urlTemplate":"https:\/\/api.ibilimenaje.com\/es\/?s={search_term_string}"},"query-input":"required name=search_term_string"}],"inLanguage":"es"}]}},"_links":{"self":[{"href":"https:\/\/api.ibilimenaje.com\/es\/wp-json\/wp\/v2\/productos\/61183190","targetHints":{"allow":["GET"]}}],"collection":[{"href":"https:\/\/api.ibilimenaje.com\/es\/wp-json\/wp\/v2\/productos"}],"about":[{"href":"https:\/\/api.ibilimenaje.com\/es\/wp-json\/wp\/v2\/types\/productos"}],"acf:post":[{"embeddable":true,"href":"https:\/\/api.ibilimenaje.com\/es\/wp-json\/wp\/v2\/colecciones\/27792942"}],"wp:featuredmedia":[{"embeddable":true,"href":"https:\/\/api.ibilimenaje.com\/es\/wp-json\/wp\/v2\/media\/61183212"}],"wp:attachment":[{"href":"https:\/\/api.ibilimenaje.com\/es\/wp-json\/wp\/v2\/media?parent=61183190"}],"wp:term":[{"taxonomy":"product_categories","embeddable":true,"href":"https:\/\/api.ibilimenaje.com\/es\/wp-json\/wp\/v2\/product_categories?post=61183190"}],"curies":[{"name":"wp","href":"https:\/\/api.w.org\/{rel}","templated":true}]}}