{"id":61141146,"date":"2026-04-30T09:33:46","date_gmt":"2026-04-30T09:33:46","guid":{"rendered":"https:\/\/api.ibilimenaje.com\/productos\/5831-moule-amovible-rond-avec-base-en-verre\/"},"modified":"2026-04-30T09:33:46","modified_gmt":"2026-04-30T09:33:46","slug":"5831-moule-amovible-rond-avec-base-en-verre","status":"publish","type":"productos","link":"https:\/\/api.ibilimenaje.com\/fr-ca\/productos\/5831-moule-amovible-rond-avec-base-en-verre\/","title":{"rendered":"5831-moule-amovible-rond-avec-base-en-verre"},"content":{"rendered":"<p>875700 875712 875719 Silicone Verre Tempere Moule d\u00e9montable avec base en verre  ##8411922455243##8411922459029##8411922458435## ###strawberry-2###  ####28182010####  #@#-fr_CA#@#72270-fr_CA#@#5979-fr_CA#@# <\/p>\n","protected":false},"featured_media":61141172,"template":"","product_categories":[5979],"class_list":["post-61141146","productos","type-productos","status-publish","has-post-thumbnail","hentry","product_categories-reposteria-2728","entry"],"acf":{"titulo_visible":"Moule Amovible Rond avec Base en Verre","subtitle":"MOULE AMOVIBLE ROND AVEC BASE EN VERRE","collection":[28182010],"is_new":false,"description":"La base en verre r\u00e9sistante aux hautes temp\u00e9ratures permet de couper le g\u00e2teau directement et, par cons\u00e9quent, de le garder sur la base jusqu\u2019\u00e0 la fin de sa consommation.#BR#<ul><li>L\u2019anneau en silicone permet de d\u00e9mouler le g\u00e2teau de fa\u00e7on pratique et rapide avec un r\u00e9sultat final parfait, surtout pour des g\u00e2teaux froids, parfaitement lisses et brillants.<\/li>#BR#<li>Le syst\u00e8me de fermeture \u00e0 pince et les joints en silicone permettent d\u2019ouvrir et de fermer le moule sans efforts, \u00e9vitant ainsi que la p\u00e2te coule. <\/li>#BR#<li>Bien que la silicone et le verre tremp\u00e9 r\u00e9sistent bien aux hautes temp\u00e9ratures, il est recommand\u00e9 d\u2019utiliser le moule entre -6\u00b0C et 230\u00b0C en raison de la pi\u00e8ce en plastique.<\/li>","tags_up":"","tags_down":"[\"https:\/\/api.ibilimenaje.com\/wp-content\/uploads\/2026\/04\/IMAGE__IMPORTED_69f31d00ef96b_temperature-max-230-min-60.svg\",\"https:\/\/api.ibilimenaje.com\/wp-content\/uploads\/2026\/04\/IMAGE__IMPORTED_69f31d00ef96b_oven-1.svg\",\"https:\/\/api.ibilimenaje.com\/wp-content\/uploads\/2026\/04\/IMAGE__IMPORTED_69f31d00ef96b_dishwasher.svg\",\"https:\/\/api.ibilimenaje.com\/wp-content\/uploads\/2026\/04\/IMAGE__IMPORTED_69f31d00ef96b_microwave.svg\",\"https:\/\/api.ibilimenaje.com\/wp-content\/uploads\/2026\/04\/IMAGE__IMPORTED_69f31d00ef96b_freezer.svg\",\"https:\/\/api.ibilimenaje.com\/wp-content\/uploads\/2026\/04\/IMAGE__IMPORTED_69f31d00ef96b_no-cut.svg\",\"https:\/\/api.ibilimenaje.com\/wp-content\/uploads\/2026\/04\/IMAGE__IMPORTED_69f31d00ef96b_keep-fire.svg\",\"https:\/\/api.ibilimenaje.com\/wp-content\/uploads\/2026\/04\/IMAGE__IMPORTED_69f31d00ef96b_BPA-no.svg\",\"https:\/\/api.ibilimenaje.com\/wp-content\/uploads\/2026\/04\/IMAGE__IMPORTED_69f31d00ef96b_lfgb.svg\"]","images":"[\"https:\/\/api.ibilimenaje.com\/wp-content\/uploads\/2026\/04\/IMAGE__IMPORTED_69f31d00ef96b_875700-1.jpg\",\"https:\/\/api.ibilimenaje.com\/wp-content\/uploads\/2026\/04\/IMAGE__IMPORTED_69f31d00ef96b_875700A-1.jpg\",\"https:\/\/api.ibilimenaje.com\/wp-content\/uploads\/2026\/04\/IMAGE__IMPORTED_69f31d00ef96b_875700B-1.jpg\",\"https:\/\/api.ibilimenaje.com\/wp-content\/uploads\/2026\/04\/IMAGE__IMPORTED_69f31d00ef96b_875700C-1.jpg\",\"https:\/\/api.ibilimenaje.com\/wp-content\/uploads\/2026\/04\/IMAGE__IMPORTED_69f31d00ef96b_875700D-1.jpg\",\"https:\/\/api.ibilimenaje.com\/wp-content\/uploads\/2026\/04\/IMAGE__IMPORTED_69f31d00ef96b_875700E-1.jpg\",\"https:\/\/api.ibilimenaje.com\/wp-content\/uploads\/2026\/04\/IMAGE__IMPORTED_69f31d00ef96b_875700F-1.jpg\",\"https:\/\/api.ibilimenaje.com\/wp-content\/uploads\/2026\/04\/IMAGE__IMPORTED_69f31d00ef96b_875700G-1.jpg\",\"https:\/\/api.ibilimenaje.com\/wp-content\/uploads\/2026\/04\/IMAGE__IMPORTED_69f31d00ef96b_875712-1.jpg\",\"https:\/\/api.ibilimenaje.com\/wp-content\/uploads\/2026\/04\/IMAGE__IMPORTED_69f31d00ef96b_875712A-1.jpg\",\"https:\/\/api.ibilimenaje.com\/wp-content\/uploads\/2026\/04\/IMAGE__IMPORTED_69f31d00ef96b_875712B-1.jpg\",\"https:\/\/api.ibilimenaje.com\/wp-content\/uploads\/2026\/04\/IMAGE__IMPORTED_69f31d00ef96b_875712C-1.jpg\",\"https:\/\/api.ibilimenaje.com\/wp-content\/uploads\/2026\/04\/IMAGE__IMPORTED_69f31d00ef96b_875712D-1.jpg\"]","sizes":"[{\"Ref.\":\"875712\",\"https:\/\/api.ibilimenaje.com\/wp-content\/uploads\/2026\/04\/IMAGE__IMPORTED_69f31d00ef96b_diamcm.svg\":\"12,0\",\"H (cm)\":\"4,5\",\"https:\/\/api.ibilimenaje.com\/wp-content\/uploads\/2026\/04\/IMAGE__IMPORTED_69f31d00ef96b_ue.svg\":\"1\/6\/24\",\"Bar Code\":\"8411922459029\"},{\"Ref.\":\"875719\",\"https:\/\/api.ibilimenaje.com\/wp-content\/uploads\/2026\/04\/IMAGE__IMPORTED_69f31d00ef96b_diamcm.svg\":\"19,0\",\"H (cm)\":\"7,0\",\"https:\/\/api.ibilimenaje.com\/wp-content\/uploads\/2026\/04\/IMAGE__IMPORTED_69f31d00ef96b_ue.svg\":\"1\/6\",\"Bar Code\":\"8411922458435\"},{\"Ref.\":\"875700\",\"https:\/\/api.ibilimenaje.com\/wp-content\/uploads\/2026\/04\/IMAGE__IMPORTED_69f31d00ef96b_diamcm.svg\":\"22,5\",\"H (cm)\":\"7,0\",\"https:\/\/api.ibilimenaje.com\/wp-content\/uploads\/2026\/04\/IMAGE__IMPORTED_69f31d00ef96b_ue.svg\":\"1\/6\",\"Bar Code\":\"8411922455243\"}]","features":"","related_products":"","video":"","related_article":"","materials":"[\"Silicone\",\"Verre Tempere\"]","qr_redirect":"[\"https:\/\/www.ibilimenaje.com\/es\/p\/products\/d\/5831-molde-desmontable-redondo-con-base-de-cristal\",\"https:\/\/www.ibilimenaje.com\/es\/p\/products\/d\/5831-molde-desmontable-redondo-con-base-de-cristal\",\"https:\/\/www.ibilimenaje.com\/es\/p\/products\/d\/5831-molde-desmontable-redondo-con-base-de-cristal\"]","downloads":""},"yoast_head":"<!-- This site is optimized with the Yoast SEO plugin v22.6 - https:\/\/yoast.com\/wordpress\/plugins\/seo\/ -->\n<title>5831-moule-amovible-rond-avec-base-en-verre - Ibili Stage<\/title>\n<meta name=\"robots\" content=\"noindex, follow, max-snippet:-1, max-image-preview:large, max-video-preview:-1\" \/>\n<meta property=\"og:locale\" content=\"fr_CA\" \/>\n<meta property=\"og:type\" content=\"article\" \/>\n<meta property=\"og:title\" content=\"5831-moule-amovible-rond-avec-base-en-verre - Ibili Stage\" \/>\n<meta property=\"og:description\" content=\"875700 875712 875719 Silicone Verre Tempere Moule d\u00e9montable avec base en verre ##8411922455243##8411922459029##8411922458435## ###strawberry-2### ####28182010#### #@#-fr_CA#@#72270-fr_CA#@#5979-fr_CA#@#\" \/>\n<meta property=\"og:url\" content=\"https:\/\/api.ibilimenaje.com\/es\/productos\/5831-moule-amovible-rond-avec-base-en-verre\/\" \/>\n<meta property=\"og:site_name\" content=\"Ibili Stage\" \/>\n<meta name=\"twitter:card\" content=\"summary_large_image\" \/>\n<script type=\"application\/ld+json\" class=\"yoast-schema-graph\">{\"@context\":\"https:\/\/schema.org\",\"@graph\":[{\"@type\":\"WebPage\",\"@id\":\"https:\/\/api.ibilimenaje.com\/es\/productos\/5831-moule-amovible-rond-avec-base-en-verre\/\",\"url\":\"https:\/\/api.ibilimenaje.com\/es\/productos\/5831-moule-amovible-rond-avec-base-en-verre\/\",\"name\":\"5831-moule-amovible-rond-avec-base-en-verre - Ibili Stage\",\"isPartOf\":{\"@id\":\"https:\/\/api.ibilimenaje.com\/es\/#website\"},\"primaryImageOfPage\":{\"@id\":\"https:\/\/api.ibilimenaje.com\/es\/productos\/5831-moule-amovible-rond-avec-base-en-verre\/#primaryimage\"},\"image\":{\"@id\":\"https:\/\/api.ibilimenaje.com\/es\/productos\/5831-moule-amovible-rond-avec-base-en-verre\/#primaryimage\"},\"thumbnailUrl\":\"https:\/\/api.ibilimenaje.com\/wp-content\/uploads\/2026\/04\/IMAGE__IMPORTED_69f31d00ef96b_875700-1.jpg\",\"datePublished\":\"2026-04-30T09:33:46+00:00\",\"dateModified\":\"2026-04-30T09:33:46+00:00\",\"breadcrumb\":{\"@id\":\"https:\/\/api.ibilimenaje.com\/es\/productos\/5831-moule-amovible-rond-avec-base-en-verre\/#breadcrumb\"},\"inLanguage\":\"fr-CA\",\"potentialAction\":[{\"@type\":\"ReadAction\",\"target\":[\"https:\/\/api.ibilimenaje.com\/es\/productos\/5831-moule-amovible-rond-avec-base-en-verre\/\"]}]},{\"@type\":\"ImageObject\",\"inLanguage\":\"fr-CA\",\"@id\":\"https:\/\/api.ibilimenaje.com\/es\/productos\/5831-moule-amovible-rond-avec-base-en-verre\/#primaryimage\",\"url\":\"https:\/\/api.ibilimenaje.com\/wp-content\/uploads\/2026\/04\/IMAGE__IMPORTED_69f31d00ef96b_875700-1.jpg\",\"contentUrl\":\"https:\/\/api.ibilimenaje.com\/wp-content\/uploads\/2026\/04\/IMAGE__IMPORTED_69f31d00ef96b_875700-1.jpg\",\"width\":900,\"height\":600},{\"@type\":\"BreadcrumbList\",\"@id\":\"https:\/\/api.ibilimenaje.com\/es\/productos\/5831-moule-amovible-rond-avec-base-en-verre\/#breadcrumb\",\"itemListElement\":[{\"@type\":\"ListItem\",\"position\":1,\"name\":\"Portada\",\"item\":\"https:\/\/api.ibilimenaje.com\/es\/\"},{\"@type\":\"ListItem\",\"position\":2,\"name\":\"5831-moule-amovible-rond-avec-base-en-verre\"}]},{\"@type\":\"WebSite\",\"@id\":\"https:\/\/api.ibilimenaje.com\/es\/#website\",\"url\":\"https:\/\/api.ibilimenaje.com\/es\/\",\"name\":\"Ibili Stage\",\"description\":\"Otro sitio realizado con WordPress\",\"potentialAction\":[{\"@type\":\"SearchAction\",\"target\":{\"@type\":\"EntryPoint\",\"urlTemplate\":\"https:\/\/api.ibilimenaje.com\/es\/?s={search_term_string}\"},\"query-input\":\"required name=search_term_string\"}],\"inLanguage\":\"fr-CA\"}]}<\/script>\n<!-- \/ Yoast SEO plugin. -->","yoast_head_json":{"title":"5831-moule-amovible-rond-avec-base-en-verre - Ibili Stage","robots":{"index":"noindex","follow":"follow","max-snippet":"max-snippet:-1","max-image-preview":"max-image-preview:large","max-video-preview":"max-video-preview:-1"},"og_locale":"fr_CA","og_type":"article","og_title":"5831-moule-amovible-rond-avec-base-en-verre - Ibili Stage","og_description":"875700 875712 875719 Silicone Verre Tempere Moule d\u00e9montable avec base en verre ##8411922455243##8411922459029##8411922458435## ###strawberry-2### ####28182010#### #@#-fr_CA#@#72270-fr_CA#@#5979-fr_CA#@#","og_url":"https:\/\/api.ibilimenaje.com\/es\/productos\/5831-moule-amovible-rond-avec-base-en-verre\/","og_site_name":"Ibili Stage","twitter_card":"summary_large_image","schema":{"@context":"https:\/\/schema.org","@graph":[{"@type":"WebPage","@id":"https:\/\/api.ibilimenaje.com\/es\/productos\/5831-moule-amovible-rond-avec-base-en-verre\/","url":"https:\/\/api.ibilimenaje.com\/es\/productos\/5831-moule-amovible-rond-avec-base-en-verre\/","name":"5831-moule-amovible-rond-avec-base-en-verre - Ibili Stage","isPartOf":{"@id":"https:\/\/api.ibilimenaje.com\/es\/#website"},"primaryImageOfPage":{"@id":"https:\/\/api.ibilimenaje.com\/es\/productos\/5831-moule-amovible-rond-avec-base-en-verre\/#primaryimage"},"image":{"@id":"https:\/\/api.ibilimenaje.com\/es\/productos\/5831-moule-amovible-rond-avec-base-en-verre\/#primaryimage"},"thumbnailUrl":"https:\/\/api.ibilimenaje.com\/wp-content\/uploads\/2026\/04\/IMAGE__IMPORTED_69f31d00ef96b_875700-1.jpg","datePublished":"2026-04-30T09:33:46+00:00","dateModified":"2026-04-30T09:33:46+00:00","breadcrumb":{"@id":"https:\/\/api.ibilimenaje.com\/es\/productos\/5831-moule-amovible-rond-avec-base-en-verre\/#breadcrumb"},"inLanguage":"fr-CA","potentialAction":[{"@type":"ReadAction","target":["https:\/\/api.ibilimenaje.com\/es\/productos\/5831-moule-amovible-rond-avec-base-en-verre\/"]}]},{"@type":"ImageObject","inLanguage":"fr-CA","@id":"https:\/\/api.ibilimenaje.com\/es\/productos\/5831-moule-amovible-rond-avec-base-en-verre\/#primaryimage","url":"https:\/\/api.ibilimenaje.com\/wp-content\/uploads\/2026\/04\/IMAGE__IMPORTED_69f31d00ef96b_875700-1.jpg","contentUrl":"https:\/\/api.ibilimenaje.com\/wp-content\/uploads\/2026\/04\/IMAGE__IMPORTED_69f31d00ef96b_875700-1.jpg","width":900,"height":600},{"@type":"BreadcrumbList","@id":"https:\/\/api.ibilimenaje.com\/es\/productos\/5831-moule-amovible-rond-avec-base-en-verre\/#breadcrumb","itemListElement":[{"@type":"ListItem","position":1,"name":"Portada","item":"https:\/\/api.ibilimenaje.com\/es\/"},{"@type":"ListItem","position":2,"name":"5831-moule-amovible-rond-avec-base-en-verre"}]},{"@type":"WebSite","@id":"https:\/\/api.ibilimenaje.com\/es\/#website","url":"https:\/\/api.ibilimenaje.com\/es\/","name":"Ibili Stage","description":"Otro sitio realizado con WordPress","potentialAction":[{"@type":"SearchAction","target":{"@type":"EntryPoint","urlTemplate":"https:\/\/api.ibilimenaje.com\/es\/?s={search_term_string}"},"query-input":"required name=search_term_string"}],"inLanguage":"fr-CA"}]}},"_links":{"self":[{"href":"https:\/\/api.ibilimenaje.com\/fr-ca\/wp-json\/wp\/v2\/productos\/61141146","targetHints":{"allow":["GET"]}}],"collection":[{"href":"https:\/\/api.ibilimenaje.com\/fr-ca\/wp-json\/wp\/v2\/productos"}],"about":[{"href":"https:\/\/api.ibilimenaje.com\/fr-ca\/wp-json\/wp\/v2\/types\/productos"}],"acf:post":[{"embeddable":true,"href":"https:\/\/api.ibilimenaje.com\/fr-ca\/wp-json\/wp\/v2\/colecciones\/28182010"}],"wp:featuredmedia":[{"embeddable":true,"href":"https:\/\/api.ibilimenaje.com\/fr-ca\/wp-json\/wp\/v2\/media\/61141172"}],"wp:attachment":[{"href":"https:\/\/api.ibilimenaje.com\/fr-ca\/wp-json\/wp\/v2\/media?parent=61141146"}],"wp:term":[{"taxonomy":"product_categories","embeddable":true,"href":"https:\/\/api.ibilimenaje.com\/fr-ca\/wp-json\/wp\/v2\/product_categories?post=61141146"}],"curies":[{"name":"wp","href":"https:\/\/api.w.org\/{rel}","templated":true}]}}