{"id":61182672,"date":"2026-04-30T22:09:55","date_gmt":"2026-04-30T22:09:55","guid":{"rendered":"https:\/\/api.ibilimenaje.com\/productos\/47379-cafetiere-express-elba-coffee\/"},"modified":"2026-04-30T22:09:55","modified_gmt":"2026-04-30T22:09:55","slug":"47379-cafetiere-express-elba-coffee","status":"publish","type":"productos","link":"https:\/\/api.ibilimenaje.com\/fr-ca\/productos\/47379-cafetiere-express-elba-coffee\/","title":{"rendered":"47379-cafetiere-express-elba-coffee"},"content":{"rendered":"<p>630203 630206 630209 630212 Fonte D&#8217;Aluminium Acier Inoxydable Cafeti\u00e8re expresso  ##8411922475968##8411922475975##8411922475982##8411922475999## ###elba-2###  ####28182064####  #@#72377-fr_CA#@#5953-fr_CA#@# <\/p>\n","protected":false},"featured_media":61182692,"template":"","product_categories":[5953,72377],"class_list":["post-61182672","productos","type-productos","status-publish","has-post-thumbnail","hentry","product_categories-cafe-y-te-2726","product_categories-cafeteras-express-2744","entry"],"acf":{"titulo_visible":"Cafeti\u00e8re Express Elba Coffee","subtitle":"CAFETI\u00c8RE EXPRESS ELBA EN ALUMINIUM FONTE ET ACIER INOXYDABLE","collection":[28182064],"is_new":false,"description":"Caffettiera espresso Elba. #BR#<ul><li>Aluminium en fonte + avec corps inf\u00e9rieur acier inoxydable. <\/li>#BR#<li>Il convient \u00e0 toutes les cuisini\u00e8res. Lourd et r\u00e9sistant.<\/li>","tags_up":"[\"https:\/\/api.ibilimenaje.com\/wp-content\/uploads\/2026\/04\/IMAGE__IMPORTED_69f3d10d480b7_induction.svg\",\"https:\/\/api.ibilimenaje.com\/wp-content\/uploads\/2026\/04\/IMAGE__IMPORTED_69f3d10d480b7_vitro.svg\",\"https:\/\/api.ibilimenaje.com\/wp-content\/uploads\/2026\/04\/IMAGE__IMPORTED_69f3d10d480b7_electric.svg\",\"https:\/\/api.ibilimenaje.com\/wp-content\/uploads\/2026\/04\/IMAGE__IMPORTED_69f3d10d480b7_gas.svg\"]","tags_down":"[\"https:\/\/api.ibilimenaje.com\/wp-content\/uploads\/2026\/04\/IMAGE__IMPORTED_69f3d10d480b7_diswasher-no.svg\"]","images":"[\"https:\/\/api.ibilimenaje.com\/wp-content\/uploads\/2026\/04\/IMAGE__IMPORTED_69f3d10d480b7_630203-1.jpg\",\"https:\/\/api.ibilimenaje.com\/wp-content\/uploads\/2026\/04\/IMAGE__IMPORTED_69f3d10d480b7_630203A-1.jpg\",\"https:\/\/api.ibilimenaje.com\/wp-content\/uploads\/2026\/04\/IMAGE__IMPORTED_69f3d10d480b7_630203B-1.jpg\",\"https:\/\/api.ibilimenaje.com\/wp-content\/uploads\/2026\/04\/IMAGE__IMPORTED_69f3d10d480b7_630203C-1.jpg\"]","sizes":"[{\"Ref.\":\"630203\",\"https:\/\/api.ibilimenaje.com\/wp-content\/uploads\/2026\/04\/IMAGE__IMPORTED_69f3d10d480b7_cup.svg\":\"3\",\"ml\":\"150\",\"https:\/\/api.ibilimenaje.com\/wp-content\/uploads\/2026\/04\/IMAGE__IMPORTED_69f3d10d480b7_bottom_diamcm.svg\":\"10\",\"https:\/\/api.ibilimenaje.com\/wp-content\/uploads\/2026\/04\/IMAGE__IMPORTED_69f3d10d480b7_hob_diamcm.svg\":\"\u00b12\",\"https:\/\/api.ibilimenaje.com\/wp-content\/uploads\/2026\/04\/IMAGE__IMPORTED_69f3d10d480b7_ue.svg\":\"1\/6\",\"Bar Code\":\"8411922475968\"},{\"Ref.\":\"630206\",\"https:\/\/api.ibilimenaje.com\/wp-content\/uploads\/2026\/04\/IMAGE__IMPORTED_69f3d10d480b7_cup.svg\":\"6\",\"ml\":\"300\",\"https:\/\/api.ibilimenaje.com\/wp-content\/uploads\/2026\/04\/IMAGE__IMPORTED_69f3d10d480b7_bottom_diamcm.svg\":\"11\",\"https:\/\/api.ibilimenaje.com\/wp-content\/uploads\/2026\/04\/IMAGE__IMPORTED_69f3d10d480b7_hob_diamcm.svg\":\"\u00b12\",\"https:\/\/api.ibilimenaje.com\/wp-content\/uploads\/2026\/04\/IMAGE__IMPORTED_69f3d10d480b7_ue.svg\":\"1\/6\",\"Bar Code\":\"8411922475975\"},{\"Ref.\":\"630209\",\"https:\/\/api.ibilimenaje.com\/wp-content\/uploads\/2026\/04\/IMAGE__IMPORTED_69f3d10d480b7_cup.svg\":\"9\",\"ml\":\"450\",\"https:\/\/api.ibilimenaje.com\/wp-content\/uploads\/2026\/04\/IMAGE__IMPORTED_69f3d10d480b7_bottom_diamcm.svg\":\"12\",\"https:\/\/api.ibilimenaje.com\/wp-content\/uploads\/2026\/04\/IMAGE__IMPORTED_69f3d10d480b7_hob_diamcm.svg\":\"\u00b12\",\"https:\/\/api.ibilimenaje.com\/wp-content\/uploads\/2026\/04\/IMAGE__IMPORTED_69f3d10d480b7_ue.svg\":\"1\/6\",\"Bar Code\":\"8411922475982\"},{\"Ref.\":\"630212\",\"https:\/\/api.ibilimenaje.com\/wp-content\/uploads\/2026\/04\/IMAGE__IMPORTED_69f3d10d480b7_cup.svg\":\"12\",\"ml\":\"600\",\"https:\/\/api.ibilimenaje.com\/wp-content\/uploads\/2026\/04\/IMAGE__IMPORTED_69f3d10d480b7_bottom_diamcm.svg\":\"13\",\"https:\/\/api.ibilimenaje.com\/wp-content\/uploads\/2026\/04\/IMAGE__IMPORTED_69f3d10d480b7_hob_diamcm.svg\":\"\u00b12\",\"https:\/\/api.ibilimenaje.com\/wp-content\/uploads\/2026\/04\/IMAGE__IMPORTED_69f3d10d480b7_ue.svg\":\"1\/6\",\"Bar Code\":\"8411922475999\"}]","features":"","related_products":"[{\"title\":\"Cafetiu00e8re Express Moca Blu\",\"uri\":\"\/productos\/47375-cafetiere-express-moca-blu\",\"imgsrc\":\"https:\/\/api.ibilimenaje.com\/wp-content\/uploads\/2026\/04\/IMAGE__IMPORTED_69f3d10d480b7_629802-1.jpg\"},{\"title\":\"Cafetiu00e8re Express Mini 2 tasses\",\"uri\":\"\/productos\/47377-cafetiere-express-mini-2-tasses\",\"imgsrc\":\"https:\/\/api.ibilimenaje.com\/wp-content\/uploads\/2026\/04\/IMAGE__IMPORTED_69f3d10d480b7_630000-1.jpg\"},{\"title\":\"Cafetiu00e8re Express Elba Green\",\"uri\":\"\/productos\/47378-cafetiere-express-elba-green\",\"imgsrc\":\"https:\/\/api.ibilimenaje.com\/wp-content\/uploads\/2026\/04\/IMAGE__IMPORTED_69f3d10d480b7_630103-1.jpg\"},{\"title\":\"Verre Thermo Double Paroi Luxe Cafu00e9\",\"uri\":\"\/productos\/47386-verre-thermo-double-paroi-luxe-cafe\",\"imgsrc\":\"https:\/\/api.ibilimenaje.com\/wp-content\/uploads\/2026\/04\/IMAGE__IMPORTED_69f3d10d480b7_667536C-1.jpg\"},{\"title\":\"Set 2 Mugs u00e0 double paroi\",\"uri\":\"\/productos\/8464-set-2-mugs-a-double-paroi\",\"imgsrc\":\"https:\/\/api.ibilimenaje.com\/wp-content\/uploads\/2026\/04\/IMAGE__IMPORTED_69f3d10d480b7_685022-1.jpg\"}]","video":"","related_article":"","materials":"[\"Fonte D'Aluminium\",\"Acier Inoxydable\"]","qr_redirect":"[\"https:\/\/www.ibilimenaje.com\/es\/p\/products\/d\/47379-cafetera-express-elba-coffee\",\"https:\/\/www.ibilimenaje.com\/es\/p\/products\/d\/47379-cafetera-express-elba-coffee\",\"https:\/\/www.ibilimenaje.com\/es\/p\/products\/d\/47379-cafetera-express-elba-coffee\",\"https:\/\/www.ibilimenaje.com\/es\/p\/products\/d\/47379-cafetera-express-elba-coffee\"]","downloads":""},"yoast_head":"<!-- This site is optimized with the Yoast SEO plugin v22.6 - https:\/\/yoast.com\/wordpress\/plugins\/seo\/ -->\n<title>47379-cafetiere-express-elba-coffee - Ibili Stage<\/title>\n<meta name=\"robots\" content=\"noindex, follow, max-snippet:-1, max-image-preview:large, max-video-preview:-1\" \/>\n<meta property=\"og:locale\" content=\"fr_CA\" \/>\n<meta property=\"og:type\" content=\"article\" \/>\n<meta property=\"og:title\" content=\"47379-cafetiere-express-elba-coffee - Ibili Stage\" \/>\n<meta property=\"og:description\" content=\"630203 630206 630209 630212 Fonte D&#8217;Aluminium Acier Inoxydable Cafeti\u00e8re expresso ##8411922475968##8411922475975##8411922475982##8411922475999## ###elba-2### ####28182064#### #@#72377-fr_CA#@#5953-fr_CA#@#\" \/>\n<meta property=\"og:url\" content=\"https:\/\/api.ibilimenaje.com\/es\/productos\/47379-cafetiere-express-elba-coffee\/\" \/>\n<meta property=\"og:site_name\" content=\"Ibili Stage\" \/>\n<meta name=\"twitter:card\" content=\"summary_large_image\" \/>\n<script type=\"application\/ld+json\" class=\"yoast-schema-graph\">{\"@context\":\"https:\/\/schema.org\",\"@graph\":[{\"@type\":\"WebPage\",\"@id\":\"https:\/\/api.ibilimenaje.com\/es\/productos\/47379-cafetiere-express-elba-coffee\/\",\"url\":\"https:\/\/api.ibilimenaje.com\/es\/productos\/47379-cafetiere-express-elba-coffee\/\",\"name\":\"47379-cafetiere-express-elba-coffee - Ibili Stage\",\"isPartOf\":{\"@id\":\"https:\/\/api.ibilimenaje.com\/es\/#website\"},\"primaryImageOfPage\":{\"@id\":\"https:\/\/api.ibilimenaje.com\/es\/productos\/47379-cafetiere-express-elba-coffee\/#primaryimage\"},\"image\":{\"@id\":\"https:\/\/api.ibilimenaje.com\/es\/productos\/47379-cafetiere-express-elba-coffee\/#primaryimage\"},\"thumbnailUrl\":\"https:\/\/api.ibilimenaje.com\/wp-content\/uploads\/2026\/04\/IMAGE__IMPORTED_69f3d10d480b7_630203-1.jpg\",\"datePublished\":\"2026-04-30T22:09:55+00:00\",\"dateModified\":\"2026-04-30T22:09:55+00:00\",\"breadcrumb\":{\"@id\":\"https:\/\/api.ibilimenaje.com\/es\/productos\/47379-cafetiere-express-elba-coffee\/#breadcrumb\"},\"inLanguage\":\"fr-CA\",\"potentialAction\":[{\"@type\":\"ReadAction\",\"target\":[\"https:\/\/api.ibilimenaje.com\/es\/productos\/47379-cafetiere-express-elba-coffee\/\"]}]},{\"@type\":\"ImageObject\",\"inLanguage\":\"fr-CA\",\"@id\":\"https:\/\/api.ibilimenaje.com\/es\/productos\/47379-cafetiere-express-elba-coffee\/#primaryimage\",\"url\":\"https:\/\/api.ibilimenaje.com\/wp-content\/uploads\/2026\/04\/IMAGE__IMPORTED_69f3d10d480b7_630203-1.jpg\",\"contentUrl\":\"https:\/\/api.ibilimenaje.com\/wp-content\/uploads\/2026\/04\/IMAGE__IMPORTED_69f3d10d480b7_630203-1.jpg\",\"width\":900,\"height\":900},{\"@type\":\"BreadcrumbList\",\"@id\":\"https:\/\/api.ibilimenaje.com\/es\/productos\/47379-cafetiere-express-elba-coffee\/#breadcrumb\",\"itemListElement\":[{\"@type\":\"ListItem\",\"position\":1,\"name\":\"Portada\",\"item\":\"https:\/\/api.ibilimenaje.com\/es\/\"},{\"@type\":\"ListItem\",\"position\":2,\"name\":\"47379-cafetiere-express-elba-coffee\"}]},{\"@type\":\"WebSite\",\"@id\":\"https:\/\/api.ibilimenaje.com\/es\/#website\",\"url\":\"https:\/\/api.ibilimenaje.com\/es\/\",\"name\":\"Ibili Stage\",\"description\":\"Otro sitio realizado con WordPress\",\"potentialAction\":[{\"@type\":\"SearchAction\",\"target\":{\"@type\":\"EntryPoint\",\"urlTemplate\":\"https:\/\/api.ibilimenaje.com\/es\/?s={search_term_string}\"},\"query-input\":\"required name=search_term_string\"}],\"inLanguage\":\"fr-CA\"}]}<\/script>\n<!-- \/ Yoast SEO plugin. -->","yoast_head_json":{"title":"47379-cafetiere-express-elba-coffee - Ibili Stage","robots":{"index":"noindex","follow":"follow","max-snippet":"max-snippet:-1","max-image-preview":"max-image-preview:large","max-video-preview":"max-video-preview:-1"},"og_locale":"fr_CA","og_type":"article","og_title":"47379-cafetiere-express-elba-coffee - Ibili Stage","og_description":"630203 630206 630209 630212 Fonte D&#8217;Aluminium Acier Inoxydable Cafeti\u00e8re expresso ##8411922475968##8411922475975##8411922475982##8411922475999## ###elba-2### ####28182064#### #@#72377-fr_CA#@#5953-fr_CA#@#","og_url":"https:\/\/api.ibilimenaje.com\/es\/productos\/47379-cafetiere-express-elba-coffee\/","og_site_name":"Ibili Stage","twitter_card":"summary_large_image","schema":{"@context":"https:\/\/schema.org","@graph":[{"@type":"WebPage","@id":"https:\/\/api.ibilimenaje.com\/es\/productos\/47379-cafetiere-express-elba-coffee\/","url":"https:\/\/api.ibilimenaje.com\/es\/productos\/47379-cafetiere-express-elba-coffee\/","name":"47379-cafetiere-express-elba-coffee - Ibili Stage","isPartOf":{"@id":"https:\/\/api.ibilimenaje.com\/es\/#website"},"primaryImageOfPage":{"@id":"https:\/\/api.ibilimenaje.com\/es\/productos\/47379-cafetiere-express-elba-coffee\/#primaryimage"},"image":{"@id":"https:\/\/api.ibilimenaje.com\/es\/productos\/47379-cafetiere-express-elba-coffee\/#primaryimage"},"thumbnailUrl":"https:\/\/api.ibilimenaje.com\/wp-content\/uploads\/2026\/04\/IMAGE__IMPORTED_69f3d10d480b7_630203-1.jpg","datePublished":"2026-04-30T22:09:55+00:00","dateModified":"2026-04-30T22:09:55+00:00","breadcrumb":{"@id":"https:\/\/api.ibilimenaje.com\/es\/productos\/47379-cafetiere-express-elba-coffee\/#breadcrumb"},"inLanguage":"fr-CA","potentialAction":[{"@type":"ReadAction","target":["https:\/\/api.ibilimenaje.com\/es\/productos\/47379-cafetiere-express-elba-coffee\/"]}]},{"@type":"ImageObject","inLanguage":"fr-CA","@id":"https:\/\/api.ibilimenaje.com\/es\/productos\/47379-cafetiere-express-elba-coffee\/#primaryimage","url":"https:\/\/api.ibilimenaje.com\/wp-content\/uploads\/2026\/04\/IMAGE__IMPORTED_69f3d10d480b7_630203-1.jpg","contentUrl":"https:\/\/api.ibilimenaje.com\/wp-content\/uploads\/2026\/04\/IMAGE__IMPORTED_69f3d10d480b7_630203-1.jpg","width":900,"height":900},{"@type":"BreadcrumbList","@id":"https:\/\/api.ibilimenaje.com\/es\/productos\/47379-cafetiere-express-elba-coffee\/#breadcrumb","itemListElement":[{"@type":"ListItem","position":1,"name":"Portada","item":"https:\/\/api.ibilimenaje.com\/es\/"},{"@type":"ListItem","position":2,"name":"47379-cafetiere-express-elba-coffee"}]},{"@type":"WebSite","@id":"https:\/\/api.ibilimenaje.com\/es\/#website","url":"https:\/\/api.ibilimenaje.com\/es\/","name":"Ibili Stage","description":"Otro sitio realizado con WordPress","potentialAction":[{"@type":"SearchAction","target":{"@type":"EntryPoint","urlTemplate":"https:\/\/api.ibilimenaje.com\/es\/?s={search_term_string}"},"query-input":"required name=search_term_string"}],"inLanguage":"fr-CA"}]}},"_links":{"self":[{"href":"https:\/\/api.ibilimenaje.com\/fr-ca\/wp-json\/wp\/v2\/productos\/61182672","targetHints":{"allow":["GET"]}}],"collection":[{"href":"https:\/\/api.ibilimenaje.com\/fr-ca\/wp-json\/wp\/v2\/productos"}],"about":[{"href":"https:\/\/api.ibilimenaje.com\/fr-ca\/wp-json\/wp\/v2\/types\/productos"}],"acf:post":[{"embeddable":true,"href":"https:\/\/api.ibilimenaje.com\/fr-ca\/wp-json\/wp\/v2\/colecciones\/28182064"}],"wp:featuredmedia":[{"embeddable":true,"href":"https:\/\/api.ibilimenaje.com\/fr-ca\/wp-json\/wp\/v2\/media\/61182692"}],"wp:attachment":[{"href":"https:\/\/api.ibilimenaje.com\/fr-ca\/wp-json\/wp\/v2\/media?parent=61182672"}],"wp:term":[{"taxonomy":"product_categories","embeddable":true,"href":"https:\/\/api.ibilimenaje.com\/fr-ca\/wp-json\/wp\/v2\/product_categories?post=61182672"}],"curies":[{"name":"wp","href":"https:\/\/api.w.org\/{rel}","templated":true}]}}