{"id":61236092,"date":"2026-04-30T22:22:59","date_gmt":"2026-04-30T22:22:59","guid":{"rendered":"https:\/\/api.ibilimenaje.com\/productos\/48131-moule-savarin-karamel\/"},"modified":"2026-04-30T22:22:59","modified_gmt":"2026-04-30T22:22:59","slug":"48131-moule-savarin-karamel","status":"publish","type":"productos","link":"https:\/\/api.ibilimenaje.com\/fr-ca\/productos\/48131-moule-savarin-karamel\/","title":{"rendered":"48131-moule-savarin-karamel"},"content":{"rendered":"<p>Moule Dentel\u00e9, sabarin, couronne, rouge, moule en acier 373025 Plaque D&#8217;Acier Moule \u00e0 savarin  ##8411922476453## ###karamel###  ####35889607####  #@#-fr_CA#@#72360-fr_CA#@#5979-fr_CA#@# <\/p>\n","protected":false},"featured_media":61236109,"template":"","product_categories":[72360,5979],"class_list":["post-61236092","productos","type-productos","status-publish","has-post-thumbnail","hentry","product_categories-moldes-2772","product_categories-reposteria-2728","entry"],"acf":{"titulo_visible":"Moule Savarin Karamel","subtitle":"MOULE EN FORME DE COURONNE 25CM","collection":[35889607],"is_new":false,"description":"Le Moule Dentel\u00e9 Karamel, qui fait partie de la collection Karamel, est id\u00e9al pour la p\u00e2tisserie traditionnelle et diverses pr\u00e9parations, offrant style et fonctionnalit\u00e9.#BR#<ul><li>Il a un diam\u00e8tre de 25 cm<\/li>#BR#<li>Permet de cuire \u00e0 des temp\u00e9ratures allant jusqu'\u00e0 230\u00ba Celsius<\/li>#BR#<li>Rev\u00eatement antiadh\u00e9sif \u00e0 deux couches<\/li>#BR#<li>Fabriqu\u00e9e en acier au carbone, elle est r\u00e9sistante aux rayures et garantit une longue dur\u00e9e de vie. <\/li>#BR#<li>Sans BPA.<\/li>#BR#<li>Sa couleur rouge et son mat\u00e9riau conf\u00e8rent un style traditionnel \u00e0 la cuisine.<\/li>#BR#<li>Il est recommand\u00e9 de le laver \u00e0 la main et de le s\u00e9cher avec un chiffon imm\u00e9diatement apr\u00e8s usage. Ne passe pas au lave-vaisselle.<\/li>","tags_up":"","tags_down":"[\"https:\/\/api.ibilimenaje.com\/wp-content\/uploads\/2026\/04\/IMAGE__IMPORTED_69f3d10d480b7_oven.svg\",\"https:\/\/api.ibilimenaje.com\/wp-content\/uploads\/2026\/04\/IMAGE__IMPORTED_69f3d10d480b7_diswasher-no.svg\",\"https:\/\/api.ibilimenaje.com\/wp-content\/uploads\/2026\/04\/IMAGE__IMPORTED_69f3d10d480b7_non-stick-layer-2.svg\",\"https:\/\/api.ibilimenaje.com\/wp-content\/uploads\/2026\/04\/IMAGE__IMPORTED_69f3d10d480b7_PPG_Skandia_Xtreme.svg\"]","images":"[\"https:\/\/api.ibilimenaje.com\/wp-content\/uploads\/2026\/04\/IMAGE__IMPORTED_69f3d10d480b7_373025-1.jpg\",\"https:\/\/api.ibilimenaje.com\/wp-content\/uploads\/2026\/04\/IMAGE__IMPORTED_69f3d10d480b7_373025A-1.jpg\",\"https:\/\/api.ibilimenaje.com\/wp-content\/uploads\/2026\/04\/IMAGE__IMPORTED_69f3d10d480b7_373025B-1.jpg\"]","sizes":"[{\"Ref.\":\"373025\",\"https:\/\/api.ibilimenaje.com\/wp-content\/uploads\/2026\/04\/IMAGE__IMPORTED_69f3d10d480b7_diamcm.svg\":\"25\",\"H (cm)\":\"8\",\"https:\/\/api.ibilimenaje.com\/wp-content\/uploads\/2026\/04\/IMAGE__IMPORTED_69f3d10d480b7_ue.svg\":\"6\",\"Bar Code\":\"8411922476453\"}]","features":"","related_products":"[{\"title\":\"Porte-Gu00e2teaux Ronde\",\"uri\":\"\/productos\/16181-porte-gateaux-ronde\",\"imgsrc\":\"https:\/\/api.ibilimenaje.com\/wp-content\/uploads\/2026\/04\/IMAGE__IMPORTED_69f3d10d480b7_689100-1.jpg\"},{\"title\":\"Moule Savarin Strawberry\",\"uri\":\"\/productos\/4540-moule-savarin-strawberry\",\"imgsrc\":\"https:\/\/api.ibilimenaje.com\/wp-content\/uploads\/2026\/04\/IMAGE__IMPORTED_69f3d10d480b7_875424-1.jpg\"},{\"title\":\"Pichet Graduu00e9 avec Anse\",\"uri\":\"\/productos\/47381-pichet-gradue-avec-anse\",\"imgsrc\":\"https:\/\/api.ibilimenaje.com\/wp-content\/uploads\/2026\/04\/IMAGE__IMPORTED_69f3d10d480b7_481305-1.jpg\"},{\"title\":\"Moule Savarin Mini Moka\",\"uri\":\"\/productos\/9052-moule-savarin-mini-moka\",\"imgsrc\":\"https:\/\/api.ibilimenaje.com\/wp-content\/uploads\/2026\/04\/IMAGE__IMPORTED_69f3d10d480b7_821812-1.jpg\"}]","video":"","related_article":"","materials":"[\"Plaque D'Acier\"]","qr_redirect":"[\"https:\/\/www.ibilimenaje.com\/es\/p\/products\/d\/48131-molde-savarin-karamel\"]","downloads":""},"yoast_head":"<!-- This site is optimized with the Yoast SEO plugin v22.6 - https:\/\/yoast.com\/wordpress\/plugins\/seo\/ -->\n<title>48131-moule-savarin-karamel - Ibili Stage<\/title>\n<meta name=\"robots\" content=\"noindex, follow, max-snippet:-1, max-image-preview:large, max-video-preview:-1\" \/>\n<meta property=\"og:locale\" content=\"fr_CA\" \/>\n<meta property=\"og:type\" content=\"article\" \/>\n<meta property=\"og:title\" content=\"48131-moule-savarin-karamel - Ibili Stage\" \/>\n<meta property=\"og:description\" content=\"Moule Dentel\u00e9, sabarin, couronne, rouge, moule en acier 373025 Plaque D&#8217;Acier Moule \u00e0 savarin ##8411922476453## ###karamel### ####35889607#### #@#-fr_CA#@#72360-fr_CA#@#5979-fr_CA#@#\" \/>\n<meta property=\"og:url\" content=\"https:\/\/api.ibilimenaje.com\/es\/productos\/48131-moule-savarin-karamel\/\" \/>\n<meta property=\"og:site_name\" content=\"Ibili Stage\" \/>\n<meta name=\"twitter:card\" content=\"summary_large_image\" \/>\n<script type=\"application\/ld+json\" class=\"yoast-schema-graph\">{\"@context\":\"https:\/\/schema.org\",\"@graph\":[{\"@type\":\"WebPage\",\"@id\":\"https:\/\/api.ibilimenaje.com\/es\/productos\/48131-moule-savarin-karamel\/\",\"url\":\"https:\/\/api.ibilimenaje.com\/es\/productos\/48131-moule-savarin-karamel\/\",\"name\":\"48131-moule-savarin-karamel - Ibili Stage\",\"isPartOf\":{\"@id\":\"https:\/\/api.ibilimenaje.com\/es\/#website\"},\"primaryImageOfPage\":{\"@id\":\"https:\/\/api.ibilimenaje.com\/es\/productos\/48131-moule-savarin-karamel\/#primaryimage\"},\"image\":{\"@id\":\"https:\/\/api.ibilimenaje.com\/es\/productos\/48131-moule-savarin-karamel\/#primaryimage\"},\"thumbnailUrl\":\"https:\/\/api.ibilimenaje.com\/wp-content\/uploads\/2026\/04\/IMAGE__IMPORTED_69f3d10d480b7_373025-1.jpg\",\"datePublished\":\"2026-04-30T22:22:59+00:00\",\"dateModified\":\"2026-04-30T22:22:59+00:00\",\"breadcrumb\":{\"@id\":\"https:\/\/api.ibilimenaje.com\/es\/productos\/48131-moule-savarin-karamel\/#breadcrumb\"},\"inLanguage\":\"fr-CA\",\"potentialAction\":[{\"@type\":\"ReadAction\",\"target\":[\"https:\/\/api.ibilimenaje.com\/es\/productos\/48131-moule-savarin-karamel\/\"]}]},{\"@type\":\"ImageObject\",\"inLanguage\":\"fr-CA\",\"@id\":\"https:\/\/api.ibilimenaje.com\/es\/productos\/48131-moule-savarin-karamel\/#primaryimage\",\"url\":\"https:\/\/api.ibilimenaje.com\/wp-content\/uploads\/2026\/04\/IMAGE__IMPORTED_69f3d10d480b7_373025-1.jpg\",\"contentUrl\":\"https:\/\/api.ibilimenaje.com\/wp-content\/uploads\/2026\/04\/IMAGE__IMPORTED_69f3d10d480b7_373025-1.jpg\",\"width\":900,\"height\":900},{\"@type\":\"BreadcrumbList\",\"@id\":\"https:\/\/api.ibilimenaje.com\/es\/productos\/48131-moule-savarin-karamel\/#breadcrumb\",\"itemListElement\":[{\"@type\":\"ListItem\",\"position\":1,\"name\":\"Portada\",\"item\":\"https:\/\/api.ibilimenaje.com\/es\/\"},{\"@type\":\"ListItem\",\"position\":2,\"name\":\"48131-moule-savarin-karamel\"}]},{\"@type\":\"WebSite\",\"@id\":\"https:\/\/api.ibilimenaje.com\/es\/#website\",\"url\":\"https:\/\/api.ibilimenaje.com\/es\/\",\"name\":\"Ibili Stage\",\"description\":\"Otro sitio realizado con WordPress\",\"potentialAction\":[{\"@type\":\"SearchAction\",\"target\":{\"@type\":\"EntryPoint\",\"urlTemplate\":\"https:\/\/api.ibilimenaje.com\/es\/?s={search_term_string}\"},\"query-input\":\"required name=search_term_string\"}],\"inLanguage\":\"fr-CA\"}]}<\/script>\n<!-- \/ Yoast SEO plugin. -->","yoast_head_json":{"title":"48131-moule-savarin-karamel - Ibili Stage","robots":{"index":"noindex","follow":"follow","max-snippet":"max-snippet:-1","max-image-preview":"max-image-preview:large","max-video-preview":"max-video-preview:-1"},"og_locale":"fr_CA","og_type":"article","og_title":"48131-moule-savarin-karamel - Ibili Stage","og_description":"Moule Dentel\u00e9, sabarin, couronne, rouge, moule en acier 373025 Plaque D&#8217;Acier Moule \u00e0 savarin ##8411922476453## ###karamel### ####35889607#### #@#-fr_CA#@#72360-fr_CA#@#5979-fr_CA#@#","og_url":"https:\/\/api.ibilimenaje.com\/es\/productos\/48131-moule-savarin-karamel\/","og_site_name":"Ibili Stage","twitter_card":"summary_large_image","schema":{"@context":"https:\/\/schema.org","@graph":[{"@type":"WebPage","@id":"https:\/\/api.ibilimenaje.com\/es\/productos\/48131-moule-savarin-karamel\/","url":"https:\/\/api.ibilimenaje.com\/es\/productos\/48131-moule-savarin-karamel\/","name":"48131-moule-savarin-karamel - Ibili Stage","isPartOf":{"@id":"https:\/\/api.ibilimenaje.com\/es\/#website"},"primaryImageOfPage":{"@id":"https:\/\/api.ibilimenaje.com\/es\/productos\/48131-moule-savarin-karamel\/#primaryimage"},"image":{"@id":"https:\/\/api.ibilimenaje.com\/es\/productos\/48131-moule-savarin-karamel\/#primaryimage"},"thumbnailUrl":"https:\/\/api.ibilimenaje.com\/wp-content\/uploads\/2026\/04\/IMAGE__IMPORTED_69f3d10d480b7_373025-1.jpg","datePublished":"2026-04-30T22:22:59+00:00","dateModified":"2026-04-30T22:22:59+00:00","breadcrumb":{"@id":"https:\/\/api.ibilimenaje.com\/es\/productos\/48131-moule-savarin-karamel\/#breadcrumb"},"inLanguage":"fr-CA","potentialAction":[{"@type":"ReadAction","target":["https:\/\/api.ibilimenaje.com\/es\/productos\/48131-moule-savarin-karamel\/"]}]},{"@type":"ImageObject","inLanguage":"fr-CA","@id":"https:\/\/api.ibilimenaje.com\/es\/productos\/48131-moule-savarin-karamel\/#primaryimage","url":"https:\/\/api.ibilimenaje.com\/wp-content\/uploads\/2026\/04\/IMAGE__IMPORTED_69f3d10d480b7_373025-1.jpg","contentUrl":"https:\/\/api.ibilimenaje.com\/wp-content\/uploads\/2026\/04\/IMAGE__IMPORTED_69f3d10d480b7_373025-1.jpg","width":900,"height":900},{"@type":"BreadcrumbList","@id":"https:\/\/api.ibilimenaje.com\/es\/productos\/48131-moule-savarin-karamel\/#breadcrumb","itemListElement":[{"@type":"ListItem","position":1,"name":"Portada","item":"https:\/\/api.ibilimenaje.com\/es\/"},{"@type":"ListItem","position":2,"name":"48131-moule-savarin-karamel"}]},{"@type":"WebSite","@id":"https:\/\/api.ibilimenaje.com\/es\/#website","url":"https:\/\/api.ibilimenaje.com\/es\/","name":"Ibili Stage","description":"Otro sitio realizado con WordPress","potentialAction":[{"@type":"SearchAction","target":{"@type":"EntryPoint","urlTemplate":"https:\/\/api.ibilimenaje.com\/es\/?s={search_term_string}"},"query-input":"required name=search_term_string"}],"inLanguage":"fr-CA"}]}},"_links":{"self":[{"href":"https:\/\/api.ibilimenaje.com\/fr-ca\/wp-json\/wp\/v2\/productos\/61236092","targetHints":{"allow":["GET"]}}],"collection":[{"href":"https:\/\/api.ibilimenaje.com\/fr-ca\/wp-json\/wp\/v2\/productos"}],"about":[{"href":"https:\/\/api.ibilimenaje.com\/fr-ca\/wp-json\/wp\/v2\/types\/productos"}],"acf:post":[{"embeddable":true,"href":"https:\/\/api.ibilimenaje.com\/fr-ca\/wp-json\/wp\/v2\/colecciones\/35889607"}],"wp:featuredmedia":[{"embeddable":true,"href":"https:\/\/api.ibilimenaje.com\/fr-ca\/wp-json\/wp\/v2\/media\/61236109"}],"wp:attachment":[{"href":"https:\/\/api.ibilimenaje.com\/fr-ca\/wp-json\/wp\/v2\/media?parent=61236092"}],"wp:term":[{"taxonomy":"product_categories","embeddable":true,"href":"https:\/\/api.ibilimenaje.com\/fr-ca\/wp-json\/wp\/v2\/product_categories?post=61236092"}],"curies":[{"name":"wp","href":"https:\/\/api.w.org\/{rel}","templated":true}]}}